{"version":"1.0","provider_name":"Tourisme Bosnie-Herz\u00e9govine : Visitez BiH","provider_url":"https:\/\/www.tourismbih.com\/fr\/","title":"Terrasse de caf\u00e9 - Tourisme Bosnie-Herz\u00e9govine : Visitez BiH","type":"rich","width":600,"height":338,"html":"<blockquote class=\"wp-embedded-content\" data-secret=\"VkFB0Tr5VM\"><a href=\"https:\/\/www.tourismbih.com\/fr\/location\/caffe-terasa\/\">Terrasse de caf\u00e9<\/a><\/blockquote><iframe sandbox=\"allow-scripts\" security=\"restricted\" src=\"https:\/\/www.tourismbih.com\/fr\/location\/caffe-terasa\/embed\/#?secret=VkFB0Tr5VM\" width=\"600\" height=\"338\" title=\"\u00ab\u00a0Terrasse de caf\u00e9\u00a0\u00bb &#8212; Tourisme Bosnie-Herz\u00e9govine : Visitez BiH\" data-secret=\"VkFB0Tr5VM\" frameborder=\"0\" marginwidth=\"0\" marginheight=\"0\" scrolling=\"no\" class=\"wp-embedded-content\"><\/iframe><script>\n\/*! This file is auto-generated *\/\n!function(d,l){\"use strict\";l.querySelector&&d.addEventListener&&\"undefined\"!=typeof URL&&(d.wp=d.wp||{},d.wp.receiveEmbedMessage||(d.wp.receiveEmbedMessage=function(e){var t=e.data;if((t||t.secret||t.message||t.value)&&!\/[^a-zA-Z0-9]\/.test(t.secret)){for(var s,r,n,a=l.querySelectorAll('iframe[data-secret=\"'+t.secret+'\"]'),o=l.querySelectorAll('blockquote[data-secret=\"'+t.secret+'\"]'),c=new RegExp(\"^https?:$\",\"i\"),i=0;i<o.length;i++)o[i].style.display=\"none\";for(i=0;i<a.length;i++)s=a[i],e.source===s.contentWindow&&(s.removeAttribute(\"style\"),\"height\"===t.message?(1e3<(r=parseInt(t.value,10))?r=1e3:~~r<200&&(r=200),s.height=r):\"link\"===t.message&&(r=new URL(s.getAttribute(\"src\")),n=new URL(t.value),c.test(n.protocol))&&n.host===r.host&&l.activeElement===s&&(d.top.location.href=t.value))}},d.addEventListener(\"message\",d.wp.receiveEmbedMessage,!1),l.addEventListener(\"DOMContentLoaded\",function(){for(var e,t,s=l.querySelectorAll(\"iframe.wp-embedded-content\"),r=0;r<s.length;r++)(t=(e=s[r]).getAttribute(\"data-secret\"))||(t=Math.random().toString(36).substring(2,12),e.src+=\"#?secret=\"+t,e.setAttribute(\"data-secret\",t)),e.contentWindow.postMessage({message:\"ready\",secret:t},\"*\")},!1)))}(window,document);\n<\/script>\n","description":"Caffe Terasa, situ\u00e9 au c\u0153ur de Konjic sur Mar\u0161ala Tita, offre une atmosph\u00e8re chaleureuse et accueillante, parfaite pour les amateurs de caf\u00e9 et les convives occasionnels. Ce charmant caf\u00e9 est connu pour son seating confortable et son service amical, en faisant un endroit id\u00e9al pour se d\u00e9tendre avec une d\u00e9licieuse tasse de caf\u00e9 ou une ... Lire la suite"}