{"version":"1.0","provider_name":"Bosna Hersek Turizmi: BiH'yi Ziyaret Edin","provider_url":"https:\/\/www.tourismbih.com\/tr\/","title":"Etnik k\u00f6y Seme\u015fnica - Bosna Hersek Turizmi: BiH'yi Ziyaret Edin","type":"rich","width":600,"height":338,"html":"<blockquote class=\"wp-embedded-content\" data-secret=\"iPfiIYxcgh\"><a href=\"https:\/\/www.tourismbih.com\/tr\/location\/ethno-village-semesnica\/\">Etnik k\u00f6y Seme\u015fnica<\/a><\/blockquote><iframe sandbox=\"allow-scripts\" security=\"restricted\" src=\"https:\/\/www.tourismbih.com\/tr\/location\/ethno-village-semesnica\/embed\/#?secret=iPfiIYxcgh\" width=\"600\" height=\"338\" title=\"&#8220;Etnik k\u00f6y Seme\u015fnica&#8221; &#8212; Bosna Hersek Turizmi: BiH&#039;yi Ziyaret Edin\" data-secret=\"iPfiIYxcgh\" frameborder=\"0\" marginwidth=\"0\" marginheight=\"0\" scrolling=\"no\" class=\"wp-embedded-content\"><\/iframe><script>\n\/*! This file is auto-generated *\/\n!function(d,l){\"use strict\";l.querySelector&&d.addEventListener&&\"undefined\"!=typeof URL&&(d.wp=d.wp||{},d.wp.receiveEmbedMessage||(d.wp.receiveEmbedMessage=function(e){var t=e.data;if((t||t.secret||t.message||t.value)&&!\/[^a-zA-Z0-9]\/.test(t.secret)){for(var s,r,n,a=l.querySelectorAll('iframe[data-secret=\"'+t.secret+'\"]'),o=l.querySelectorAll('blockquote[data-secret=\"'+t.secret+'\"]'),c=new RegExp(\"^https?:$\",\"i\"),i=0;i<o.length;i++)o[i].style.display=\"none\";for(i=0;i<a.length;i++)s=a[i],e.source===s.contentWindow&&(s.removeAttribute(\"style\"),\"height\"===t.message?(1e3<(r=parseInt(t.value,10))?r=1e3:~~r<200&&(r=200),s.height=r):\"link\"===t.message&&(r=new URL(s.getAttribute(\"src\")),n=new URL(t.value),c.test(n.protocol))&&n.host===r.host&&l.activeElement===s&&(d.top.location.href=t.value))}},d.addEventListener(\"message\",d.wp.receiveEmbedMessage,!1),l.addEventListener(\"DOMContentLoaded\",function(){for(var e,t,s=l.querySelectorAll(\"iframe.wp-embedded-content\"),r=0;r<s.length;r++)(t=(e=s[r]).getAttribute(\"data-secret\"))||(t=Math.random().toString(36).substring(2,12),e.src+=\"#?secret=\"+t,e.setAttribute(\"data-secret\",t)),e.contentWindow.postMessage({message:\"ready\",secret:t},\"*\")},!1)))}(window,document);\n<\/script>\n","description":"Etnik k\u00f6y Seme\u0161nica, Bosna-Hersek&#8217;teki Donji Vakuf&#8217;un yak\u0131n\u0131ndaki Pribra\u0107a k\u00f6y\u00fcnde yer almaktad\u0131r. Bu etnik k\u00f6y, korunan do\u011fas\u0131 ve ziyaret\u00e7ilere sundu\u011fu otantik atmosfer ile tan\u0131nmaktad\u0131r. Yo\u011fun ormanlar ve Seme\u0161nica Nehri ile \u00e7evrili olmas\u0131, buray\u0131 do\u011fada dinlenmek ve keyif almak i\u00e7in ideal bir yer haline getiriyor. K\u00f6y, geleneksel Bosna tarz\u0131nda in\u015fa edilmi\u015ftir; ah\u015fap evler ve bu b\u00f6lgenin k\u00fclt\u00fcr\u00fcn\u00fc ... Devam\u0131n\u0131 oku"}