{"version":"1.0","provider_name":"Bosna Hersek Turizmi: BiH'yi Ziyaret Edin","provider_url":"https:\/\/www.tourismbih.com\/tr\/","title":"2. AVNOJ oturumu M\u00fczesi - Bosna Hersek Turizmi: BiH'yi Ziyaret Edin","type":"rich","width":600,"height":338,"html":"<blockquote class=\"wp-embedded-content\" data-secret=\"yj6p0gqud1\"><a href=\"https:\/\/www.tourismbih.com\/tr\/location\/museum-of-the-2nd-avnoj-session\/\">2. AVNOJ oturumu M\u00fczesi<\/a><\/blockquote><iframe sandbox=\"allow-scripts\" security=\"restricted\" src=\"https:\/\/www.tourismbih.com\/tr\/location\/museum-of-the-2nd-avnoj-session\/embed\/#?secret=yj6p0gqud1\" width=\"600\" height=\"338\" title=\"&#8220;2. AVNOJ oturumu M\u00fczesi&#8221; &#8212; Bosna Hersek Turizmi: BiH&#039;yi Ziyaret Edin\" data-secret=\"yj6p0gqud1\" frameborder=\"0\" marginwidth=\"0\" marginheight=\"0\" scrolling=\"no\" class=\"wp-embedded-content\"><\/iframe><script>\n\/*! This file is auto-generated *\/\n!function(d,l){\"use strict\";l.querySelector&&d.addEventListener&&\"undefined\"!=typeof URL&&(d.wp=d.wp||{},d.wp.receiveEmbedMessage||(d.wp.receiveEmbedMessage=function(e){var t=e.data;if((t||t.secret||t.message||t.value)&&!\/[^a-zA-Z0-9]\/.test(t.secret)){for(var s,r,n,a=l.querySelectorAll('iframe[data-secret=\"'+t.secret+'\"]'),o=l.querySelectorAll('blockquote[data-secret=\"'+t.secret+'\"]'),c=new RegExp(\"^https?:$\",\"i\"),i=0;i<o.length;i++)o[i].style.display=\"none\";for(i=0;i<a.length;i++)s=a[i],e.source===s.contentWindow&&(s.removeAttribute(\"style\"),\"height\"===t.message?(1e3<(r=parseInt(t.value,10))?r=1e3:~~r<200&&(r=200),s.height=r):\"link\"===t.message&&(r=new URL(s.getAttribute(\"src\")),n=new URL(t.value),c.test(n.protocol))&&n.host===r.host&&l.activeElement===s&&(d.top.location.href=t.value))}},d.addEventListener(\"message\",d.wp.receiveEmbedMessage,!1),l.addEventListener(\"DOMContentLoaded\",function(){for(var e,t,s=l.querySelectorAll(\"iframe.wp-embedded-content\"),r=0;r<s.length;r++)(t=(e=s[r]).getAttribute(\"data-secret\"))||(t=Math.random().toString(36).substring(2,12),e.src+=\"#?secret=\"+t,e.setAttribute(\"data-secret\",t)),e.contentWindow.postMessage({message:\"ready\",secret:t},\"*\")},!1)))}(window,document);\n<\/script>\n","description":"M\u00fcze 2. Oturum AVNOJ, Jajce&#8217;de bulunan \u00f6nemli bir tarih\u00ee mek\u00e2nd\u0131r ve Yugoslavya&#8217;n\u0131n Antifa\u015fist Halk Kurtulu\u015f Konseyi&#8217;nin (AVNOJ) ikinci oturumunun miras\u0131n\u0131 korumaya adanm\u0131\u015ft\u0131r. Bu miras m\u00fczesi, \u0130kinci D\u00fcnya Sava\u015f\u0131 s\u0131ras\u0131nda b\u00f6lgenin siyasi ve sosyal tarihini g\u00f6zler \u00f6n\u00fcne seren zengin bir artefakt ve sergi koleksiyonu sunmaktad\u0131r. M\u00fcze ayr\u0131ca etkinlikler i\u00e7in bir mekan olarak hizmet vermekte ve ziyaret\u00e7ilere ... Devam\u0131n\u0131 oku"}