{"version":"1.0","provider_name":"Bosna Hersek Turizmi: BiH'yi Ziyaret Edin","provider_url":"https:\/\/www.tourismbih.com\/tr\/","title":"R\u00fcya - Bosna Hersek Turizmi: BiH'yi Ziyaret Edin","type":"rich","width":600,"height":338,"html":"<blockquote class=\"wp-embedded-content\" data-secret=\"MCEPEO7JsX\"><a href=\"https:\/\/www.tourismbih.com\/tr\/location\/san\/\">R\u00fcya<\/a><\/blockquote><iframe sandbox=\"allow-scripts\" security=\"restricted\" src=\"https:\/\/www.tourismbih.com\/tr\/location\/san\/embed\/#?secret=MCEPEO7JsX\" width=\"600\" height=\"338\" title=\"&#8220;R\u00fcya&#8221; &#8212; Bosna Hersek Turizmi: BiH&#039;yi Ziyaret Edin\" data-secret=\"MCEPEO7JsX\" frameborder=\"0\" marginwidth=\"0\" marginheight=\"0\" scrolling=\"no\" class=\"wp-embedded-content\"><\/iframe><script>\n\/*! This file is auto-generated *\/\n!function(d,l){\"use strict\";l.querySelector&&d.addEventListener&&\"undefined\"!=typeof URL&&(d.wp=d.wp||{},d.wp.receiveEmbedMessage||(d.wp.receiveEmbedMessage=function(e){var t=e.data;if((t||t.secret||t.message||t.value)&&!\/[^a-zA-Z0-9]\/.test(t.secret)){for(var s,r,n,a=l.querySelectorAll('iframe[data-secret=\"'+t.secret+'\"]'),o=l.querySelectorAll('blockquote[data-secret=\"'+t.secret+'\"]'),c=new RegExp(\"^https?:$\",\"i\"),i=0;i<o.length;i++)o[i].style.display=\"none\";for(i=0;i<a.length;i++)s=a[i],e.source===s.contentWindow&&(s.removeAttribute(\"style\"),\"height\"===t.message?(1e3<(r=parseInt(t.value,10))?r=1e3:~~r<200&&(r=200),s.height=r):\"link\"===t.message&&(r=new URL(s.getAttribute(\"src\")),n=new URL(t.value),c.test(n.protocol))&&n.host===r.host&&l.activeElement===s&&(d.top.location.href=t.value))}},d.addEventListener(\"message\",d.wp.receiveEmbedMessage,!1),l.addEventListener(\"DOMContentLoaded\",function(){for(var e,t,s=l.querySelectorAll(\"iframe.wp-embedded-content\"),r=0;r<s.length;r++)(t=(e=s[r]).getAttribute(\"data-secret\"))||(t=Math.random().toString(36).substring(2,12),e.src+=\"#?secret=\"+t,e.setAttribute(\"data-secret\",t)),e.contentWindow.postMessage({message:\"ready\",secret:t},\"*\")},!1)))}(window,document);\n<\/script>\n","description":"San, Gora\u017ede&#8217;de yer alan, \u015firin bir pastane ile birlikte harika bir kafe deneyimi sunuyor. Bu ho\u015f k\u00f6\u015fe, rahatlay\u0131p \u00e7e\u015fitli lezzetli tatl\u0131lar\u0131n ve taze haz\u0131rlanm\u0131\u015f kahvenin tad\u0131n\u0131 \u00e7\u0131karmak isteyenler i\u00e7in m\u00fckemmel bir yerdir. \u0130ster mekanda oturun, ister paket al\u0131p \u00e7\u0131k\u0131n, San, hem yerel halk\u0131 hem de ziyaret\u00e7ileri \u00e7eken s\u0131cak bir ortam sa\u011fl\u0131yor. Rahat atmosferi ile buras\u0131, ... Devam\u0131n\u0131 oku"}